{"id":1192,"date":"2017-05-17T08:50:38","date_gmt":"2017-05-17T08:50:38","guid":{"rendered":"http:\/\/49themes.com\/demos\/psycholoxlst\/?page_id=198"},"modified":"2023-12-05T10:35:38","modified_gmt":"2023-12-05T08:35:38","slug":"evy-dehelean","status":"publish","type":"page","link":"https:\/\/psihoexpert.ro\/index.php\/evy-dehelean\/","title":{"rendered":"Evy Dehelean"},"content":{"rendered":"<p>[vc_row el_class=&#8221;contentPadding&#8221;][vc_column width=&#8221;1\/2&#8243;][vc_empty_space el_class=&#8221;extraMobileSpace&#8221;][vc_column_text]<\/p>\n<div class=\"aboutOur\">\n<h2 class=\"h2 as\">15 ani de experien\u021b\u0103 clinic\u0103<\/h2>\n<div style=\"text-align: justify;\"><\/div>\n<div class=\"emptySpace10\">\n<p style=\"font-weight: 400; text-align: justify;\"><span class=\"sp\">Continui s\u0103 \u00eenv\u0103\u021b \u0219i s\u0103 fiu la curent cu cele mai bune strategii de interven\u021bie pentru tine.<\/span><\/p>\n<p style=\"font-weight: 400; text-align: justify;\">Experien\u021ba clinic\u0103 nu este singura \u201echeie a succesului\u201d atunci c\u00e2nd alegi un specialist al\u0103turi de care s\u0103 parcurgi procesul de psihoterapie sau consiliere psihologic\u0103, \u00eens\u0103 este o resurs\u0103 important\u0103, de care merit\u0103 s\u0103 \u021bii cont \u00een alegerea ta.<\/p>\n<p style=\"font-weight: 400; text-align: justify;\">Experien\u021ba pe care am acumulat-o \u00een clinic\u0103 \u0219i \u00een cabinetul propriu \u00eensumeaz\u0103 aproximativ 20.000 de ore de terapie \u0219i evalu\u0103ri clinice pentru aproximativ 2.000 de pacien\u021bi.<\/p>\n<p style=\"font-weight: 400; text-align: justify;\">Continui s\u0103 \u00eenv\u0103\u021b \u00een fiecare zi de la speciali\u0219ti de top din \u021bar\u0103 \u0219i str\u0103in\u0103tate, dar mai ales de la fiecare pacient care \u00eemi ofer\u0103 \u00eencrederea lui.<\/p>\n<\/div>\n<\/div>\n<p>[\/vc_column_text][\/vc_column][vc_column width=&#8221;1\/2&#8243;][vc_column_text]<\/p>\n<div class=\"col-xs-6\">\n<div class=\"imgWrapper\"><img decoding=\"async\" loading=\"lazy\" class=\"alignnone wp-image-1268 size-full\" style=\"font-size: 1rem;\" src=\"https:\/\/psihoexpert.ro\/wp-content\/uploads\/2023\/09\/divorcing-young-couple-arguing-in-psychiatrist-off-2022-12-16-19-37-06-utc-scaled.jpg\" alt=\"\" width=\"1708\" height=\"2560\" srcset=\"https:\/\/psihoexpert.ro\/wp-content\/uploads\/2023\/09\/divorcing-young-couple-arguing-in-psychiatrist-off-2022-12-16-19-37-06-utc-scaled.jpg 1708w, https:\/\/psihoexpert.ro\/wp-content\/uploads\/2023\/09\/divorcing-young-couple-arguing-in-psychiatrist-off-2022-12-16-19-37-06-utc-200x300.jpg 200w, https:\/\/psihoexpert.ro\/wp-content\/uploads\/2023\/09\/divorcing-young-couple-arguing-in-psychiatrist-off-2022-12-16-19-37-06-utc-683x1024.jpg 683w, https:\/\/psihoexpert.ro\/wp-content\/uploads\/2023\/09\/divorcing-young-couple-arguing-in-psychiatrist-off-2022-12-16-19-37-06-utc-768x1151.jpg 768w, https:\/\/psihoexpert.ro\/wp-content\/uploads\/2023\/09\/divorcing-young-couple-arguing-in-psychiatrist-off-2022-12-16-19-37-06-utc-1025x1536.jpg 1025w, https:\/\/psihoexpert.ro\/wp-content\/uploads\/2023\/09\/divorcing-young-couple-arguing-in-psychiatrist-off-2022-12-16-19-37-06-utc-1367x2048.jpg 1367w\" sizes=\"(max-width: 1708px) 100vw, 1708px\" \/><\/div>\n<\/div>\n<div class=\"col-xs-6\">\n<div class=\"imgWrapper\">\n<p><img decoding=\"async\" loading=\"lazy\" class=\"alignnone wp-image-1269 size-full\" src=\"https:\/\/psihoexpert.ro\/wp-content\/uploads\/2023\/09\/psychoanalyst-providing-the-client-with-psychologi-2021-09-03-20-26-05-utc-scaled.jpg\" alt=\"\" width=\"1707\" height=\"2560\" srcset=\"https:\/\/psihoexpert.ro\/wp-content\/uploads\/2023\/09\/psychoanalyst-providing-the-client-with-psychologi-2021-09-03-20-26-05-utc-scaled.jpg 1707w, https:\/\/psihoexpert.ro\/wp-content\/uploads\/2023\/09\/psychoanalyst-providing-the-client-with-psychologi-2021-09-03-20-26-05-utc-200x300.jpg 200w, https:\/\/psihoexpert.ro\/wp-content\/uploads\/2023\/09\/psychoanalyst-providing-the-client-with-psychologi-2021-09-03-20-26-05-utc-683x1024.jpg 683w, https:\/\/psihoexpert.ro\/wp-content\/uploads\/2023\/09\/psychoanalyst-providing-the-client-with-psychologi-2021-09-03-20-26-05-utc-768x1152.jpg 768w, https:\/\/psihoexpert.ro\/wp-content\/uploads\/2023\/09\/psychoanalyst-providing-the-client-with-psychologi-2021-09-03-20-26-05-utc-1024x1536.jpg 1024w, https:\/\/psihoexpert.ro\/wp-content\/uploads\/2023\/09\/psychoanalyst-providing-the-client-with-psychologi-2021-09-03-20-26-05-utc-1365x2048.jpg 1365w\" sizes=\"(max-width: 1707px) 100vw, 1707px\" \/><\/div>\n<\/div>\n<p>[\/vc_column_text][vc_empty_space el_class=&#8221;extraMobileSpace&#8221;][\/vc_column][\/vc_row][vc_row full_width=&#8221;stretch_row&#8221; css=&#8221;.vc_custom_1495013770705{background-image: url(http:\/\/49themes.com\/demos\/psycholoxlst\/wp-content\/uploads_blur\/2017\/05\/persone-bg2.jpg?id=209) !important;}&#8221; el_class=&#8221;personeBg style2 bg&#8221;][vc_column][vc_row_inner css=&#8221;.vc_custom_1695805314839{margin-top: 30px !important;margin-bottom: 30px !important;}&#8221;][vc_column_inner width=&#8221;1\/2&#8243;][vc_single_image image=&#8221;1503&#8243; img_size=&#8221;full&#8221;][\/vc_column_inner][vc_column_inner width=&#8221;1\/2&#8243;][vc_column_text]<\/p>\n<h2 class=\"h2 light as\">Bun g\u0103sit!<\/h2>\n<p>&nbsp;<\/p>\n<div class=\"simple-article normall extraLight\">\n<p style=\"font-weight: 400; text-align: justify;\">Sunt Evy Dehelean, absolvent\u0103 de psihologie \u00een cadrul UBB Cluj Napoca, cu specializare \u00een psihologie clinic\u0103.<br \/>\nAm absolvit un master \u00een psihoterapie \u0219i sunt format\u0103 \u00een psihoterapie cognitiv-comportamental\u0103 \u2013 cea mai bine fundamentat\u0103 \u0219tiin\u021bific form\u0103 de interven\u021bie psihoterapeutic\u0103. \u00cen ultimii doi ani mi-am continuat formarea \u00een terapia schemelor (schema therapy) \u0219i urmeaz\u0103 s\u0103 aplic pentru certificare interna\u021bional\u0103.<\/p>\n<p style=\"font-weight: 400; text-align: justify;\">Sunt psiholog clinician \u0219i psihoterapeut principal, supervizor \u00een psihologie clinic\u0103 \u0219i formator, acreditat de Colegiul Psihologilor din Rom\u00e2nia.<\/p>\n<p style=\"font-weight: 400; text-align: justify;\">Sunt o persoan\u0103 pasionat\u0103, curioas\u0103, care crede \u00een \u00eenv\u0103\u021bare \u0219i evolu\u021bie, \u00een profesionalism, autenticitate \u0219i verticalitate, \u00een libertatea, valoarea, frumuse\u021bea, resursele \u0219i unicitatea fiec\u0103rei fiin\u021be umane.<\/p>\n<p style=\"font-weight: 400; text-align: justify;\">PsihoExpert este un proiect care a luat fiin\u021b\u0103 din pasiune pentru oameni \u0219i pentru psihologia \u0219tiin\u021bific\u0103 pus\u0103 \u00een slujba st\u0103rii de bine \u0219i a s\u0103n\u0103t\u0103\u021bii mintale sub toate aspectele ei \u2013 preven\u021bie \u0219i interven\u021bie pentru toate categoriile de v\u00e2rst\u0103. Pentru c\u0103 arta de a tr\u0103i cu sens, \u00een armonie cu tine \u0219i cu ceilal\u021bi, se \u00eenva\u021b\u0103.<\/p>\n<p style=\"font-weight: 400; text-align: justify;\">Te invit s\u0103 o \u00eenve\u021bi al\u0103turi de mine!<\/p>\n<\/div>\n<div class=\"imgWrapper\" style=\"text-align: justify;\"><img decoding=\"async\" loading=\"lazy\" class=\"alignnone size-full wp-image-210\" src=\"http:\/\/49themes.com\/demos\/psycholoxlst\/wp-content\/uploads_blur\/2017\/05\/autograph.png\" alt=\"\" width=\"214\" height=\"85\" \/><\/div>\n<p>[\/vc_column_text][\/vc_column_inner][\/vc_row_inner][\/vc_column][\/vc_row][vc_row el_class=&#8221;contentPadding decrease-padding teameft&#8221;][vc_column][vc_row_inner][vc_column_inner width=&#8221;1\/2&#8243;][vc_column_text]<\/p>\n<div class=\"contentTitle normall\">\n<h2 class=\"h2 as\">Focus pe <span lang=\"RO\">rezultate<\/span><\/h2>\n<\/div>\n<div class=\"emptySpace10\">\n<p style=\"font-weight: 400; text-align: justify;\">Pentru a putea oferi solu\u021bii specifice problemelor cu care tu vii \u00een cabinet, \u00eenc\u0103 din timpul facult\u0103\u021bii, apoi mai t\u00e2rziu \u00een anii de formare, mi-am dorit s\u0103 \u0219tiu \u0219i s\u0103 \u00eenv\u0103\u021b tehnici \u0219i strategii cu o eficien\u021b\u0103 dovedit\u0103 \u00een domeniul psihologiei. M-am \u00eendreptat spre terapia cognitiv-comportamental\u0103 \u00eentruc\u00e2t era, \u0219i \u00eens\u0103 este, cea mai bine studiat\u0103 form\u0103 de terapie, validat\u0103 prin nenum\u0103rate studii clinice.<\/p>\n<p style=\"font-weight: 400; text-align: justify;\">\u00cen cabinetul meu, terapia presupune o abordare centrat\u0103 \u00een primul r\u00e2nd pe pacient \u0219i problemele cu care acesta se confrunt\u0103, fiind aplicabil\u0103 \u00eentr-o serie ampl\u0103 de probleme psihologice \u0219i psihiatrice.<\/p>\n<p style=\"font-weight: 400; text-align: justify;\"><\/div>\n<p>[\/vc_column_text][\/vc_column_inner][vc_column_inner width=&#8221;1\/2&#8243;][vc_single_image image=&#8221;1278&#8243; img_size=&#8221;full&#8221; alignment=&#8221;center&#8221;][\/vc_column_inner][\/vc_row_inner][\/vc_column][\/vc_row][vc_row full_width=&#8221;stretch_row&#8221; el_class=&#8221;appointWrapper&#8221;][vc_column el_class=&#8221;finish-pad&#8221;][vc_column_text]<\/p>\n<div class=\"container\">\n<div class=\"row verAlign\">\n<div class=\"col-xs-12 col-sm-8 col-md-9\">\n<div class=\"appoinContent\">\n<div class=\"simple-article light\">\n<p style=\"font-weight: 500; text-align: center;\">Primul pas este \u00eentotdeauna cel mai dificil,<br \/>\na\u0219adar te invit s\u0103 \u00eel parcurgem \u00eempreun\u0103!<\/p>\n<\/div>\n<\/div>\n<div class=\"emptySpace-xs30\"><\/div>\n<\/div>\n<div class=\"col-xs-12 col-sm-4 col-md-3\">\n<div class=\"btnAlign\"><a class=\"button btnStyle3\" href=\"\/index.php\/contact\/\"><span lang=\"RO\">Programeaz\u0103 prima ta \u0219edin\u021b\u0103<\/span><\/a><\/div>\n<\/div>\n<\/div>\n<\/div>\n<p>[\/vc_column_text][\/vc_column][\/vc_row][vc_row el_class=&#8221;contentPadding abtclientsay&#8221;][vc_column el_class=&#8221;customerSayTite&#8221;][vc_empty_space el_class=&#8221;extraMobileSpace&#8221;][vc_column_text el_class=&#8221;customerSayTite&#8221;]<\/p>\n<div class=\"contentTitle normall\">\n<h2 class=\"h2 as\" style=\"text-align: left;\">\u00cempreun\u0103 este mai simplu <span lang=\"RO\"> \u0219i mai sigur!<\/span><\/h2>\n<\/div>\n<p style=\"text-align: justify;\">Nu pierzi timpul, nu irose\u0219ti resurse, nu e\u0219ti singur \u00een procesul de rezolvare a problemelor \u0219i de auto-cunoa\u0219tere.<\/p>\n<p style=\"text-align: justify;\">Universul interior este dificil de explorat sau de \u00een\u021beles de unul singur. Unele situa\u021bii de via\u021b\u0103 pot p\u0103rea greu de dep\u0103\u0219it. Pentru a \u00een\u021belege corect ce \u021bi se \u00eent\u00e2mpl\u0103 \u0219i pentru a putea rezolva problemele cu care te confrun\u021bi, ai nevoie de un specialist care s\u0103-\u021bi fie al\u0103turi \u0219i s\u0103 i\u021bi ofere sprijin.<\/p>\n<p style=\"font-weight: 400; text-align: justify;\">Voi \u00eencerca s\u0103 \u00ee\u021bi fiu un \u00eenso\u021bitor de n\u0103dejde !<\/p>\n<p>[\/vc_column_text][vc_row_inner][vc_column_inner][vc_gallery type=&#8221;slick_slider&#8221; images=&#8221;1292,1291,1290,1289,1287&#8243; img_size=&#8221;medium&#8221; css_animation=&#8221;none&#8221;][\/vc_column_inner][vc_separator border_width=&#8221;2&#8243; css=&#8221;.vc_custom_1695924740877{margin-top: 50px !important;}&#8221;][\/vc_row_inner][\/vc_column][\/vc_row][vc_row css=&#8221;.vc_custom_1695925094360{margin-bottom: 120px !important;}&#8221;][vc_column][vc_column_text]<\/p>\n<div class=\"contentTitle normall\">\n<h2 class=\"h2 as\" style=\"text-align: left;\">Educa\u021bie <span lang=\"RO\">\u0219i formare<\/span><\/h2>\n<\/div>\n<p style=\"font-weight: 400;\">&#8211; Formare \u00een psihoterapia centrat\u0103 pe scheme cu David Edwards, pre\u0219edinte al International Society of Schema Therapy (ISST), modulul I \u0219i II;<\/p>\n<p style=\"font-weight: 400;\">&#8211; Integrating CBT and mindfulness &#8211; Beck Institute, Philadelphia;<\/p>\n<p style=\"font-weight: 400;\">&#8211; Cognitive Behavioral Therapy for personality disorders &#8211; Beck Institute, Philadelphia;<\/p>\n<p>&#8211; Curs de formare complementar\u0103 \u00een expertiz\u0103 psihologic\u0103 clinic\u0103 judiciar\u0103 \u2013 Institutul de Psihologie Judiciar\u0103 Bucure\u0219ti;<\/p>\n<p>&#8211; Formare complementar\u0103 de lung\u0103 durat\u0103 \u00een psihoterapie cognitiv-comportamental\u0103 \u2013 Asocia\u021bia de Hipnoterapie \u0219i Psihoterapie Cognitiv-Comportamental\u0103;<\/p>\n<p>&#8211; Master Facultatea de Psihologie Titu Maiorescu Bucure\u0219ti, specializarea psihoterapii cognitiv comportamentale;<\/p>\n<p>&#8211; Facultatea de Psihologie \u0219i \u0218tiin\u021bele Educa\u021biei UBB, Cluj-Napoca[\/vc_column_text][vc_separator border_width=&#8221;2&#8243; css=&#8221;.vc_custom_1700049443048{margin-top: 50px !important;}&#8221;][\/vc_column][\/vc_row][vc_row css=&#8221;.vc_custom_1700049451533{margin-top: -50px !important;}&#8221;][vc_column][vc_column_text]<\/p>\n<div class=\"contentTitle normall\">\n<div class=\"contentTitle normall\">\n<h2 class=\"h2 as\" style=\"text-align: left;\">Prezent\u0103ri <span lang=\"RO\">\u0219i coordonare ateliere<\/span><\/h2>\n<\/div>\n<p style=\"font-weight: 400;\">&#8211; 2016, Saturn, ed. a III-a \u2013 \u0218coala de var\u0103 a pacien\u021bilor cronici, sus\u021binere ateliere: \u201cDepresia \u2013 un inamic invizibil. Cum o recunoa\u0219tem, cum o trat\u0103m, cum o prevenim?\u201d, \u201cStilul de via\u021b\u0103 \u0219i implica\u021biile stresului\u201d;<\/p>\n<p style=\"font-weight: 400;\">&#8211; 2016, MedLife Gala\u021bi \u2013 sus\u021binere atelier \u201eS\u0103 cre\u0219tem frumos \u2013 Cum construiesc un ata\u0219ament s\u0103n\u0103tos cu copilul meu\u201d;<\/p>\n<p style=\"font-weight: 400;\">&#8211; 2015, Saturn, ed. a II a \u2013 \u0218coala de var\u0103 a pacien\u021bilor cronici, sus\u021binere ateliere: \u201cBoala cronic\u0103, un adversar de temut? Implic\u0103-te! Devino parte din poveste.\u201d, \u201cEmo\u021bii pozitive \u2013 \u201cre\u021bet\u0103 de preparare\u201d pentru fiecare\u201d, \u201cO c\u0103l\u0103torie spre mine, prin art\u0103\u201d;<\/p>\n<p style=\"font-weight: 400;\">&#8211; 2014, Bra\u0219ov, 23 octombrie \u2013 Conferin\u021ba pacien\u021bilor cu boal\u0103 cronic\u0103 de rinichi, atelier \u201cCum pot tr\u0103i bine cu boala mea cronic\u0103?\u201d;<\/p>\n<p style=\"font-weight: 400;\">&#8211; 2014, Saturn \u2013 \u0218coala de var\u0103 a pacien\u021bilor cronici, sus\u021binere ateliere: \u201cBoala cronic\u0103, un adversar de temut? Implic\u0103-te! Devino parte din poveste.\u201d, \u201cEmo\u021bii pozitive \u2013 \u201cre\u021bet\u0103 de preparare\u201d pentru fiecare\u201d, \u201cO c\u0103l\u0103torie spre mine, prin art\u0103\u201d;<\/p>\n<p style=\"font-weight: 400;\">&#8211; 2014, ianuarie, Rm. V\u00e2lcea \u2013 prezentare medici: Impactul Bolii Cronice de Rinichi \u2013 perspective psihologice;<\/p>\n<p style=\"font-weight: 400;\">&#8211; 2013, octombrie, Foc\u0219ani \u2013 prezentare medici: Impactul Bolii Cronice de Rinichi \u2013 perspective psihologice;<\/p>\n<p style=\"font-weight: 400;\">&#8211; 2013, iunie, Petro\u0219ani \u2013 prezentare medici: Impactul Bolii Cronice de Rinichi \u2013 perspective psihologice;<\/p>\n<p style=\"font-weight: 400;\">&#8211; 2013, mai, Constan\u021ba \u2013 prezentare medici de familie: Impactul Bolii Cronice de Rinichi \u2013 perspective psihologice;<\/p>\n<p style=\"font-weight: 400;\">&#8211; 2013, aprilie, Br\u0103ila \u2013 prezentare medici de familie: Impactul Bolii Cronice de Rinichi \u2013 perspective psihologice;<\/p>\n<p style=\"font-weight: 400;\">&#8211; 2013, aprilie, Sibiu \u2013 psiholog expert, IHS Medical School, sus\u021binere prezentare curs medici: \u00a0\u201ePreg\u0103tirea psihologic\u0103 a pacientului \u015fi familiei pentru dializ\u0103\u201d;<\/p>\n<p style=\"font-weight: 400;\">&#8211; 2013, martie, Constan\u0163a \u015fi Cluj Napoca \u2013 psiholog expert, IHS Medical School, sus\u0163inere prezentare curs medici: \u201ePreg\u0103tirea psihologic\u0103 a pacientului \u015fi familiei pentru dializ\u0103\u201d;<\/p>\n<p style=\"font-weight: 400;\">&#8211; 2012, mai-iunie, Bucure\u015fti \u015fi Tg. Mure\u015f \u2013 psiholog expert, IHS Medical School, sus\u0163inere prezentare curs medici: \u201ePreg\u0103tirea psihologic\u0103 a pacientului \u015fi familiei pentru dializ\u0103\u201d;<\/p>\n<p style=\"font-weight: 400;\">&#8211; 2011 \u2013 psiholog expert, IHS Medical School, elaborare suport de curs: modul psihologie dedicat asistentelor medicale din dializ\u0103 \u015fi nefrologie \u2013 \u201cInterac\u021biune \u0219i comunicare cu pacientul aflat \u00een proces de supleere a func\u0163iei renale prin dializ\u0103\u201d (prim autor).<\/p>\n<\/div>\n<p>[\/vc_column_text][\/vc_column][\/vc_row][vc_row][vc_column][vc_separator border_width=&#8221;2&#8243; css=&#8221;.vc_custom_1700049443048{margin-top: 50px !important;}&#8221;][vc_column_text css=&#8221;.vc_custom_1700070027971{margin-top: 50px !important;}&#8221;]<\/p>\n<div class=\"contentTitle normall\">\n<h2 class=\"h2 as\" style=\"text-align: left;\">Particip\u0103ri la cursuri, <span lang=\"RO\">ateliere, conferin\u021be <\/span><\/h2>\n<p style=\"font-weight: 400;\">&#8211; 2019, 13-15 septembrie, Cluj Napoca \u2013 The 4th International Congress of rational emotive behavior therapy, participare ateliere: Michler Bishop: Fundamentals of Smart Recovery for substance-related and addictive disorders, participare atelier \u0219i Ann Vernon: REBT with couples: Practical Applications and Innovative Intervention;<\/p>\n<p style=\"font-weight: 400;\">&#8211; 2019, 14 septembrie, Cluj Napoca \u2013 Curs licen\u021biere PAXONLINE, terapia \u0219tiin\u021bific\u0103 a anxiet\u0103\u021bii, Cognitrom;<\/p>\n<p style=\"font-weight: 400;\">&#8211; 2018, noiembrie, Gala\u021bi \u2013 Interven\u021bii cognitiv comportamentale \u00een tulbur\u0103rile de personalitate, Prof. Univ. Dr. Daniel David;<\/p>\n<p style=\"font-weight: 400;\">&#8211; 2018, 6 octombrie, Bucure\u0219ti \u2013 Depreter \u2013 terapia \u0219tiin\u021bific\u0103 a depresiei, Prof. Univ. Dr. Mircea Miclea, Cognitrom;<\/p>\n<p style=\"font-weight: 400;\">&#8211; 2018, 27-28 septembrie \u2013 CONFERIN\u021aA NA\u021aIONAL\u0102 \u2013 Psihoterapia Cognitiv Comportamental\u0103: O abordare Integrativ\u0103 \u0219i Multimodal\u0103, Cluj Napoca;<\/p>\n<p style=\"font-weight: 400;\">&#8211; 2018, 28 septembrie \u2013 Workshop, Prof. Univ. Dr. Daniel David, Psihoterapie cognitiv-comportamental\u0103 integrativ\u0103 \u0219i multimodal\u0103, augmentat\u0103 tehnologic, \u00een tulbur\u0103ri de tip anxios \u0219i depresiv (cu simptome psihotice);<\/p>\n<p style=\"font-weight: 400;\">&#8211; 2018, 27 septembrie \u2013 Workshop, Interven\u021bii transdiagnostice \u00een tulbur\u0103rile emo\u021bionale ale copiilor, Prof. Univ. Dr. Anca Dobrean \u0219i Lect. Univ. Dr. Costina P\u0103s\u0103relu;<\/p>\n<p style=\"font-weight: 400;\">&#8211; 2018, 9-13 mai \u2013 Conferin\u021ba european\u0103 de psihiatrie \u0219i s\u0103n\u0103tate mintala Gala\u021bia;<\/p>\n<p style=\"font-weight: 400;\">&#8211; 2017, decembrie, Colegiul Invizibil \u2013 Modificarea comportamentului prin training;<\/p>\n<p style=\"font-weight: 400;\">&#8211; 2017, august-septembrie, Beck Institute, Philadelphia, America \u2013 Essentials of CBT;<\/p>\n<p style=\"font-weight: 400;\">&#8211; 2017, 28 iunie-1 iulie \u2013 9th International Congress of Cognitive Psychotherapy, Cluj Napoca;<\/p>\n<p style=\"font-weight: 400;\">&#8211; 2017, 29 iunie \u2013 workshop \u2013 Challenges in treating clients with personality disorders, Judith Beck, PhD;<\/p>\n<p style=\"font-weight: 400;\">&#8211; 2017, 29 iunie \u2013 workshop \u2013 REBT considering personality and personality disorders, Raymond diGiuseppe;<\/p>\n<p style=\"font-weight: 400;\">&#8211; 2017, 30 iunie \u2013 workshop \u2013 A process oriented approach to the therapeutic relationship, Stevan Hayes<\/p>\n<p style=\"font-weight: 400;\">&#8211; 2017, 29 iunie \u2013 workshop \u2013 Experiential exercises to tackle rumination, Ed Watkins;<\/p>\n<p style=\"font-weight: 400;\">&#8211; 2017, 28 iunie \u2013 workshop \u2013 Treating children and adolescent with personality disorders, Arthur Freeman;<\/p>\n<p style=\"font-weight: 400;\">&#8211; 2016, 10-11 decembrie \u2013 Psihologia performan\u021bei \u00een sport, Asocia\u021bia pentru psihologia sportului Bucure\u0219ti;<\/p>\n<p style=\"font-weight: 400;\">&#8211; 2016, 28 octombrie-28 noiembrie \u2013 Aplica\u0163ii \u015fi solu\u0163ii \u00een ADHD \u015fi opozi\u0163ionism provocator \u2013 Cognitrom Cluj Napoca;<\/p>\n<p style=\"font-weight: 400;\">&#8211; 2016, 21-22 iunie \u2013 Preven\u021bie \u0219i interven\u021bie \u00een caz de accident. Expertiza psihologic\u0103 \u00een accidentologie, Asocia\u021bia de psihologie \u0219i siguran\u021ba rutier\u0103 PsihoTrafiq;<\/p>\n<p style=\"font-weight: 400;\">&#8211; 2016, 16-18 iunie \u2013 \u201cAbilit\u0103\u0163i de interven\u0163ie \u00een evaluarea \u015fi consilierea pacien\u021bilor cu boli cronice \u00een privin\u021ba aderen\u021bei terapeutice\u201d, Funda\u021bia Baylor Marea Neagra Constan\u021ba;<\/p>\n<p style=\"font-weight: 400;\">&#8211; 2016, 9-12 mai \u2013 Program de educa\u021bie parental\u0103 Circle of security, sus\u021binut de Prof. Kent Hoffman, certificare educator parental Circle of security;<\/p>\n<p style=\"font-weight: 400;\">&#8211; 2015, 18-19 iulie, Bucure\u015fti \u2013 International Conference on Forensic Psychology &amp; Psychological Expertise;<\/p>\n<p style=\"font-weight: 400;\">&#8211; 2014, noiembrie \u2013 Interven\u0163ii cognitiv- comportamentale. Fundamente. Aplica\u021bii privind aderen\u0163a la pacien\u0163ii trata\u0163i prin dializ\u0103, IHS Medical School, Asocia\u0163ia de Psihoterapii Cognitive \u015fi comportamentale Cluj Napoca;<\/p>\n<p style=\"font-weight: 400;\">&#8211; 2014, februarie-iunie \u2013 Curs Expert PAXONLINE organizat de Cognitrom \u015fi Asocia\u021bia de Consiliere \u015fi Psihoterapie Online din Romania;<\/p>\n<p style=\"font-weight: 400;\">&#8211; 2014 \u2013 Evaluarea psihologic\u0103 \u00een psihologia muncii, formator Richard Zoor;<\/p>\n<p style=\"font-weight: 400;\">&#8211; 2014, februarie \u2013 Curs Evaluarea computerizat\u0103 a copiilor \u0219i adolescen\u021bilor, Cognitrom Cluj Napoca;<\/p>\n<p style=\"font-weight: 400;\">&#8211; 2012 \u2013 Curs Metode online de promovare a s\u0103n\u0103t\u0103\u021bii mintale, organizat de Cognitrom \u015fi Asocia\u021bia de Consiliere \u015fi Psihoterapie Online din Romania;<\/p>\n<p style=\"font-weight: 400;\">&#8211; 2013, 10-13 octombrie, Sibiu \u2013 Congresul Interna\u021bional de Psihologie, Cercetarea modern\u0103 \u00een psihologie: Interdisciplinaritate \u00een \u0219tiin\u021bele sociale, educa\u021bie \u0219i s\u0103n\u0103tate;<\/p>\n<p style=\"font-weight: 400;\">&#8211; 2013, 3-4 octombrie, Bucure\u0219ti \u2013 \u201eAsisten\u021ba psihologic\u0103 a pacientului tratat prin dializ\u0103 \u2013 metode clinice validate \u0219tiin\u021bific\u201d, lector Domnica Petrovai;<\/p>\n<p style=\"font-weight: 400;\">&#8211; 2012, 30 noiembrie, Cluj Napoca \u2013 Tehnici moderne de psihoterapii cognitive \u0219i comportamentale \u00ab Al Treilea Val \u00bb de Tehnici de Restructurare Cognitiv\u0103, Prof. Univ. Daniel David;<\/p>\n<p style=\"font-weight: 400;\">&#8211; 2012, 25-26 septembrie \u2013 Simpozion International de Psihologie Clinic\u0103, Bra\u015fov;<\/p>\n<p style=\"font-weight: 400;\">&#8211; 2012 \u2013 Workshop: Metode online de management al anxiet\u0103\u021bii, Prof. Univ. Mircea Miclea;<\/p>\n<p style=\"font-weight: 400;\">&#8211; 2012 \u2013 Workshop: Hipnoterapia \u00een tulbur\u0103rile sexuale psihogene, Prof. Univ. Irina Holdevici;<\/p>\n<p style=\"font-weight: 400;\">&#8211; 2012, 25-28 septembrie \u2013 Conferin\u021ba Na\u021bional\u0103 de Psihologie, Bra\u015fov;<\/p>\n<p style=\"font-weight: 400;\">&#8211; 2011, 27-29 octombrie, Timi\u015foara \u2013 Congresul Na\u0163ional de Nefrologie, Al III-lea Simpozion National de Psihonefrologie;<\/p>\n<p style=\"font-weight: 400;\">&#8211; 2011, 24-25 septembrie, Br\u0103ila \u2013 Psihodiagnosticul clinic al copilului \u015fi adolescentului \u00een practica curent\u0103, Psih. Clinician Florentina Co\u0163oiu;<\/p>\n<p style=\"font-weight: 400;\">&#8211; 2011, 20-22 iulie, Ia\u015fi \u2013 Simpozionul interna\u021bional de psihologie clinic\u0103;<\/p>\n<p style=\"font-weight: 400;\">&#8211; 2011, 4-5 iunie \u2013 Psihologia participantului la trafic \u015fi Examinarea psihologic\u0103 a personalului din siguran\u021ba circula\u021biei, Agen\u021bia Regional\u0103 de Consultan\u021b\u0103 \u00een Managementul Resurselor Umane (ARC 2000), Prof. Univ. Dr. Corneliu Hav\u00e2rneanu, Universitatea \u201eAl. I. Cuza\u201d, Ia\u015fi;<\/p>\n<p style=\"font-weight: 400;\">&#8211; 2010, 13 noiembrie \u2013 Modalit\u0103\u021bi de evaluare psihologic\u0103 a diverselor categorii de personal, Psih. Stelu\u021ba Trascaianu;<\/p>\n<p style=\"font-weight: 400;\">&#8211; 2010, 21-24 septembrie, Bucure\u0219ti \u2013 \u201cDiaspora \u00een cercetarea \u015ftiin\u0163ific\u0103 \u015fi \u00eenv\u0103\u0163\u0103m\u00e2ntul superior din Rom\u00e2nia\u201d, Workshop Exploratoriu \u2013 \u201cPsihologie \u015fi Tehnologie: Roboterapie, Tehnologii Virtuale \u015fi Informatice: Implica\u0163ii \u015fi Aplica\u0163ii \u00een \u015etiin\u0163ele Cognitive Clinice\u201d;<\/p>\n<p style=\"font-weight: 400;\">&#8211; 2010, 10-12 septembrie \u2013 Examinarea psihologic\u0103 a personalului din siguran\u0163a circula\u0163iei \u2013 Agen\u0163ia Regional\u0103 de Consultan\u0163\u0103 \u00een Managementul Resurselor Umane (ARC 2000), Prof. Univ. Dr. Corneliu Hav\u00e2rneanu, Universitatea \u201eAl. I. Cuza\u201d, Ia\u015fi;<\/p>\n<p style=\"font-weight: 400;\">&#8211; 2010 \u2013 Modalit\u0103\u0163i de evaluare \u015fi diagnosctic al tulbur\u0103rilor de anxietate la copii \u015fi adolescen\u0163i, Asocia\u0163ia de psihologia copilului \u015fi adolescentului din Rom\u00e2nia;<\/p>\n<p style=\"font-weight: 400;\">&#8211; 2010, 21-23 Mai, Sibiu \u2013 Cercetarea modern\u0103 \u00een psihologie: cercet\u0103ri cantitative vs. Cercet\u0103ri calitative?, workshop \u2013 Principii \u015fi tehnici ale consilierii bazate pe interviul motiva\u021bional \u00een asistarea pacien\u021bilor cu boli cronice, Prof. Dr. Adriana Baban;<\/p>\n<p style=\"font-weight: 400;\">&#8211; 2009, 23-28 iulie, Costine\u0219ti \u2013 \u0218coala de var\u0103 de psihoterapie sistemic\u0103 de familie, Gestionarea pierderii \u00een doliu \u0219i \u00een divor\u021b;<\/p>\n<p style=\"font-weight: 400;\">&#8211; 2009, 22-24 Mai, Sibiu \u2013 Congresul Interna\u021bional de Psihologie, Cercetarea Psihologic\u0103 Modern\u0103. Direc\u021bii \u0219i Perspective, workshop Modificarea comportamentelor de risc: modele \u0219i tehnici, teorii \u0219i eviden\u021be;<\/p>\n<p style=\"font-weight: 400;\">&#8211; 2009, 26-29 martie, Sinaia \u2013 Introducere \u00een problematica LGBT, atelier de lucru;<\/p>\n<p style=\"font-weight: 400;\">&#8211; 2006, 18-21 mai, Cluj-Napoca \u2013 Conferin\u021ba Na\u021bional\u0103 de Psihologie, prezentare poster, Un experiment psiho-socio-terapeutic: \u201dIntegrarea social\u0103 a tinerilor cu dizabilit\u0103\u021bi \u2013 Terapia prin teatru\u201d;<\/p>\n<p style=\"font-weight: 400;\">&#8211; 2006, 26-29 oct \u2013 Centenarul Psihologiei la Universitatea din Bucure\u0219ti.<\/p>\n<\/div>\n<p>[\/vc_column_text][vc_separator border_width=&#8221;2&#8243; css=&#8221;.vc_custom_1700070062413{margin-top: 60px !important;}&#8221;][vc_column_text css=&#8221;.vc_custom_1700070106598{margin-top: 50px !important;margin-bottom: 60px !important;}&#8221;]<\/p>\n<div class=\"contentTitle normall\">\n<h2 class=\"h2 as\" style=\"text-align: left;\">Experien\u021b\u0103 <span lang=\"RO\"> profesional\u0103 <\/span><\/h2>\n<\/div>\n<p style=\"font-weight: 400;\">&#8211; 2010-prezent \u2013 practic\u0103 privat\u0103 \u00een cabinetul propriu<\/p>\n<p style=\"font-weight: 400;\">&#8211; 2014-2022 \u2013 psiholog clinician \u015fi psihoterapeut Hyperclinica MedLife Gala\u0163i<\/p>\n<p style=\"font-weight: 400;\">&#8211; 2018-2021 \u2013 lector\/formator \u00een cadrul Institutului de psihologie judiciar\u0103 Bucure\u0219ti, curs \u2013 Evaluare psihologic\u0103 clinic\u0103, psihodiagnostic clinic, psihopatologie adul\u021bi<\/p>\n<p style=\"font-weight: 400;\">&#8211; 2008-2020 \u2013 psiholog clinician \u00een Centrul medical de nefrologie si dializ\u0103 Br\u0103ila, International Healthcare Systems\/Diaverum<\/p>\n<p style=\"font-weight: 400;\">&#8211; 2012-2016\u00a0 \u2013 psiholog coordonator departament de psihologie International Healthcare Systems<\/p>\n<p>[\/vc_column_text][vc_separator border_width=&#8221;2&#8243; css=&#8221;.vc_custom_1700070114778{margin-bottom: 50px !important;}&#8221;][vc_row_inner][vc_column_inner][\/vc_column_inner][\/vc_row_inner][\/vc_column][\/vc_row]<\/p>\n","protected":false},"excerpt":{"rendered":"<p>[vc_row el_class=&#8221;contentPadding&#8221;][vc_column width=&#8221;1\/2&#8243;][vc_empty_space el_class=&#8221;extraMobileSpace&#8221;][vc_column_text] 15 ani de experien\u021b\u0103 clinic\u0103 Continui s\u0103 \u00eenv\u0103\u021b \u0219i s\u0103 fiu la curent cu cele mai bune strategii de interven\u021bie pentru tine. Experien\u021ba clinic\u0103 nu este singura \u201echeie a succesului\u201d atunci c\u00e2nd alegi un specialist al\u0103turi de care s\u0103 parcurgi procesul de psihoterapie sau consiliere psihologic\u0103, \u00eens\u0103 este o resurs\u0103 important\u0103,<\/p>\n","protected":false},"author":3,"featured_media":0,"parent":0,"menu_order":0,"comment_status":"closed","ping_status":"closed","template":"","meta":[],"_links":{"self":[{"href":"https:\/\/psihoexpert.ro\/index.php\/wp-json\/wp\/v2\/pages\/1192"}],"collection":[{"href":"https:\/\/psihoexpert.ro\/index.php\/wp-json\/wp\/v2\/pages"}],"about":[{"href":"https:\/\/psihoexpert.ro\/index.php\/wp-json\/wp\/v2\/types\/page"}],"author":[{"embeddable":true,"href":"https:\/\/psihoexpert.ro\/index.php\/wp-json\/wp\/v2\/users\/3"}],"replies":[{"embeddable":true,"href":"https:\/\/psihoexpert.ro\/index.php\/wp-json\/wp\/v2\/comments?post=1192"}],"version-history":[{"count":54,"href":"https:\/\/psihoexpert.ro\/index.php\/wp-json\/wp\/v2\/pages\/1192\/revisions"}],"predecessor-version":[{"id":1580,"href":"https:\/\/psihoexpert.ro\/index.php\/wp-json\/wp\/v2\/pages\/1192\/revisions\/1580"}],"wp:attachment":[{"href":"https:\/\/psihoexpert.ro\/index.php\/wp-json\/wp\/v2\/media?parent=1192"}],"curies":[{"name":"wp","href":"https:\/\/api.w.org\/{rel}","templated":true}]}}